{"id":2759,"date":"2023-03-20T16:40:18","date_gmt":"2023-03-20T15:40:18","guid":{"rendered":"http:\/\/fondation-abdelkrimbouallou.ma\/?page_id=2759"},"modified":"2023-03-25T01:00:02","modified_gmt":"2023-03-25T00:00:02","slug":"presentation","status":"publish","type":"page","link":"https:\/\/fondation-abdelkrimbouallou.ma\/index.php\/presentation\/","title":{"rendered":"Pr\u00e9sentation"},"content":{"rendered":"<p>La \u00ab Fondation Abdelkrim Bouallou pour la Culture et la M\u00e9moire \u00bb est une association \u00e0 but non lucratif r\u00e9gie par la loi les dispositions de l\u2019article 5 du dahir royal n\u00b0 1-58-3 76 du 3 Joumada I 1378 (15 novembre 1958). Elle a \u00e9t\u00e9 cr\u00e9\u00e9e par les descendants de la famille Bouallou afin de promouvoir la culture et perp\u00e9tuer la m\u00e9moire de la ville de Sal\u00e9 et ce conform\u00e9ment aux diff\u00e9rents discours de SM le Roi Mohammed VI appelant \u00e0 la sauvegarde du patrimoine immat\u00e9riel du Royaume du Maroc.<\/p>\n<p>Par l\u2019interm\u00e9diaire de d\u00e9bats, de conf\u00e9rences, d\u2019expositions et d\u2019autres activit\u00e9s culturelles et sociales, la fondation se donnera pour mission de transmettre l\u2019amour de la ville de Sal\u00e9, et du Maroc de mani\u00e8re g\u00e9n\u00e9rale, aux jeunes g\u00e9n\u00e9rations, de rappeler l\u2019histoire riche de cette ville mill\u00e9naire, d\u2019\u00e9veiller les sens et de stimuler la curiosit\u00e9 intellectuelle et la recherche du savoir.<\/p>\n<p>Le d\u00e9veloppement de la culture caract\u00e9rise le niveau d\u2019\u00e9volution de la soci\u00e9t\u00e9 marocaine. L\u2019\u00e9vocation permanente et le maintien de la m\u00e9moire permettent \u00e0 la soci\u00e9t\u00e9 marocaine d\u2019\u00e9voluer sereinement et efficacement en prenant en compte l\u2019authenticit\u00e9 et l\u2019ancestralit\u00e9 du pays tout en ayant un regard sur l\u2019avenir.<\/p>\n<p>Le Royaume du Maroc vit dans un monde en mutation perp\u00e9tuelle \u00e0 tous les \u00e9chelons. Seules les soci\u00e9t\u00e9s riches en culture, en savoir, et donc en cr\u00e9ation, feront la diff\u00e9rence.<\/p>\n<p>La Fondation Abdelkrim Bouallou a la pr\u00e9tention de participer modestement \u00e0 l\u2019\u00e9closion d\u2019un Maroc nouveau conscient de son histoire et sa culture multimill\u00e9naire, et ouvert sur le monde.<\/p>\n<p>Quoi de mieux pour illustrer ce qui pr\u00e9c\u00e8de que la formule Socratique : \u00ab connais-toi toi-m\u00eame et tu conna\u00eetras l\u2019univers et les dieux \u00bb.<\/p>\n","protected":false},"excerpt":{"rendered":"<p>La \u00ab Fondation Abdelkrim Bouallou pour la Culture et la M\u00e9moire \u00bb est une association \u00e0 but non lucratif r\u00e9gie par la loi les dispositions de l\u2019article 5 du dahir royal n\u00b0 1-58-3 76 du 3 Joumada I 1378 (15 novembre 1958). Elle a \u00e9t\u00e9 cr\u00e9\u00e9e par les descendants de.<\/p>\n","protected":false},"author":1,"featured_media":0,"parent":0,"menu_order":0,"comment_status":"closed","ping_status":"closed","template":"","meta":{"om_disable_all_campaigns":false,"_mi_skip_tracking":false,"_themeisle_gutenberg_block_has_review":false},"aioseo_notices":[],"_links":{"self":[{"href":"https:\/\/fondation-abdelkrimbouallou.ma\/index.php\/wp-json\/wp\/v2\/pages\/2759"}],"collection":[{"href":"https:\/\/fondation-abdelkrimbouallou.ma\/index.php\/wp-json\/wp\/v2\/pages"}],"about":[{"href":"https:\/\/fondation-abdelkrimbouallou.ma\/index.php\/wp-json\/wp\/v2\/types\/page"}],"author":[{"embeddable":true,"href":"https:\/\/fondation-abdelkrimbouallou.ma\/index.php\/wp-json\/wp\/v2\/users\/1"}],"replies":[{"embeddable":true,"href":"https:\/\/fondation-abdelkrimbouallou.ma\/index.php\/wp-json\/wp\/v2\/comments?post=2759"}],"version-history":[{"count":4,"href":"https:\/\/fondation-abdelkrimbouallou.ma\/index.php\/wp-json\/wp\/v2\/pages\/2759\/revisions"}],"predecessor-version":[{"id":2858,"href":"https:\/\/fondation-abdelkrimbouallou.ma\/index.php\/wp-json\/wp\/v2\/pages\/2759\/revisions\/2858"}],"wp:attachment":[{"href":"https:\/\/fondation-abdelkrimbouallou.ma\/index.php\/wp-json\/wp\/v2\/media?parent=2759"}],"curies":[{"name":"wp","href":"https:\/\/api.w.org\/{rel}","templated":true}]}}